{"id":51,"date":"2026-02-28T19:45:08","date_gmt":"2026-02-28T19:45:08","guid":{"rendered":"https:\/\/www.redeinspiraeducadores.com.br\/?page_id=51"},"modified":"2026-03-02T18:49:59","modified_gmt":"2026-03-02T18:49:59","slug":"blog","status":"publish","type":"page","link":"https:\/\/www.redeinspiraeducadores.com.br\/en\/blog\/","title":{"rendered":"Blog"},"content":{"rendered":"<div data-elementor-type=\"wp-page\" data-elementor-id=\"51\" class=\"elementor elementor-51\" data-elementor-post-type=\"page\">\n\t\t\t\t\t\t<section class=\"elementor-section elementor-top-section elementor-element elementor-element-377c32d elementor-section-full_width elementor-section-height-default elementor-section-height-default\" data-id=\"377c32d\" data-element_type=\"section\" data-e-type=\"section\" data-settings=\"{&quot;background_background&quot;:&quot;classic&quot;}\">\n\t\t\t\t\t\t\t<div class=\"elementor-background-overlay\"><\/div>\n\t\t\t\t\t\t\t<div class=\"elementor-container elementor-column-gap-default\">\n\t\t\t\t\t<div class=\"elementor-column elementor-col-50 elementor-top-column elementor-element elementor-element-c6bb1a5\" data-id=\"c6bb1a5\" data-element_type=\"column\" data-e-type=\"column\" data-settings=\"{&quot;background_background&quot;:&quot;classic&quot;}\">\n\t\t\t<div class=\"elementor-widget-wrap elementor-element-populated\">\n\t\t\t\t\t\t<div class=\"elementor-element elementor-element-a62efbe elementor-widget elementor-widget-heading\" data-id=\"a62efbe\" data-element_type=\"widget\" data-e-type=\"widget\" data-widget_type=\"heading.default\">\n\t\t\t\t\t<h2 class=\"elementor-heading-title elementor-size-default\"><b> Blog<\/b> <\/h2>\t\t\t\t<\/div>\n\t\t\t\t\t<\/div>\n\t\t<\/div>\n\t\t\t\t<div class=\"elementor-column elementor-col-50 elementor-top-column elementor-element elementor-element-c6db4bc\" data-id=\"c6db4bc\" data-element_type=\"column\" data-e-type=\"column\">\n\t\t\t<div class=\"elementor-widget-wrap\">\n\t\t\t\t\t\t\t<\/div>\n\t\t<\/div>\n\t\t\t\t\t<\/div>\n\t\t<\/section>\n\t\t<div class=\"elementor-element elementor-element-9fc4afd e-flex e-con-boxed e-con e-parent\" data-id=\"9fc4afd\" data-element_type=\"container\" data-e-type=\"container\">\n\t\t\t\t\t<div class=\"e-con-inner\">\n\t\t\t\t<div class=\"elementor-element elementor-element-bddf183 elementor-grid-3 elementor-grid-tablet-2 elementor-grid-mobile-1 elementor-posts--thumbnail-top elementor-card-shadow-yes elementor-posts__hover-gradient elementor-widget elementor-widget-posts\" data-id=\"bddf183\" data-element_type=\"widget\" data-e-type=\"widget\" data-settings=\"{&quot;pagination_type&quot;:&quot;load_more_infinite_scroll&quot;,&quot;cards_columns&quot;:&quot;3&quot;,&quot;cards_columns_tablet&quot;:&quot;2&quot;,&quot;cards_columns_mobile&quot;:&quot;1&quot;,&quot;cards_row_gap&quot;:{&quot;unit&quot;:&quot;px&quot;,&quot;size&quot;:35,&quot;sizes&quot;:[]},&quot;cards_row_gap_tablet&quot;:{&quot;unit&quot;:&quot;px&quot;,&quot;size&quot;:&quot;&quot;,&quot;sizes&quot;:[]},&quot;cards_row_gap_mobile&quot;:{&quot;unit&quot;:&quot;px&quot;,&quot;size&quot;:&quot;&quot;,&quot;sizes&quot;:[]},&quot;load_more_spinner&quot;:{&quot;value&quot;:&quot;fas fa-spinner&quot;,&quot;library&quot;:&quot;fa-solid&quot;}}\" data-widget_type=\"posts.cards\">\n\t\t\t\t<div class=\"elementor-widget-container\">\n\t\t\t\t\t\t\t<div class=\"elementor-posts-container elementor-posts elementor-posts--skin-cards elementor-grid\" role=\"list\">\n\t\t\t\t<article class=\"elementor-post elementor-grid-item post-2032 post type-post status-publish format-standard has-post-thumbnail hentry category-uncategorized\" role=\"listitem\">\n\t\t\t<div class=\"elementor-post__card\">\n\t\t\t\t<a class=\"elementor-post__thumbnail__link\" href=\"https:\/\/www.redeinspiraeducadores.com.br\/en\/colegio-sao-paulo-celebra-aprovacao-de-estudantes-na-escola-bahiana-de-medicina\/\" tabindex=\"-1\" ><div class=\"elementor-post__thumbnail\"><img fetchpriority=\"high\" decoding=\"async\" width=\"800\" height=\"450\" src=\"https:\/\/www.redeinspiraeducadores.com.br\/wp-content\/uploads\/2026\/03\/blog2.jpg\" class=\"attachment-large size-large wp-image-2033\" alt=\"\" srcset=\"https:\/\/www.redeinspiraeducadores.com.br\/wp-content\/uploads\/2026\/03\/blog2.jpg 800w, https:\/\/www.redeinspiraeducadores.com.br\/wp-content\/uploads\/2026\/03\/blog2-300x169.jpg 300w, https:\/\/www.redeinspiraeducadores.com.br\/wp-content\/uploads\/2026\/03\/blog2-768x432.jpg 768w\" sizes=\"(max-width: 800px) 100vw, 800px\" \/><\/div><\/a>\n\t\t\t\t<div class=\"elementor-post__text\">\n\t\t\t\t<h3 class=\"elementor-post__title\">\n\t\t\t<a href=\"https:\/\/www.redeinspiraeducadores.com.br\/en\/colegio-sao-paulo-celebra-aprovacao-de-estudantes-na-escola-bahiana-de-medicina\/\" >\n\t\t\t\tCol\u00e9gio S\u00e3o Paulo celebra aprova\u00e7\u00e3o de estudantes na Escola Bahiana de Medicina\t\t\t<\/a>\n\t\t<\/h3>\n\t\t\n\t\t<a class=\"elementor-post__read-more\" href=\"https:\/\/www.redeinspiraeducadores.com.br\/en\/colegio-sao-paulo-celebra-aprovacao-de-estudantes-na-escola-bahiana-de-medicina\/\" aria-label=\"Read more about Col\u00e9gio S\u00e3o Paulo celebra aprova\u00e7\u00e3o de estudantes na Escola Bahiana de Medicina\" tabindex=\"-1\" >\n\t\t\tLEIA MAIS \u00bb\t\t<\/a>\n\n\t\t\t\t<\/div>\n\t\t\t\t\t<\/div>\n\t\t<\/article>\n\t\t\t\t<article class=\"elementor-post elementor-grid-item post-2028 post type-post status-publish format-standard has-post-thumbnail hentry category-uncategorized\" role=\"listitem\">\n\t\t\t<div class=\"elementor-post__card\">\n\t\t\t\t<a class=\"elementor-post__thumbnail__link\" href=\"https:\/\/www.redeinspiraeducadores.com.br\/en\/adolescente-parauara-conquista-ouro-na-olimpiada-latino-americana-de-astronomia-e-astronautica\/\" tabindex=\"-1\" ><div class=\"elementor-post__thumbnail\"><img decoding=\"async\" width=\"1024\" height=\"753\" src=\"https:\/\/www.redeinspiraeducadores.com.br\/wp-content\/uploads\/2026\/03\/blog1-1024x753.jpeg\" class=\"attachment-large size-large wp-image-2029\" alt=\"\" srcset=\"https:\/\/www.redeinspiraeducadores.com.br\/wp-content\/uploads\/2026\/03\/blog1-1024x753.jpeg 1024w, https:\/\/www.redeinspiraeducadores.com.br\/wp-content\/uploads\/2026\/03\/blog1-300x221.jpeg 300w, https:\/\/www.redeinspiraeducadores.com.br\/wp-content\/uploads\/2026\/03\/blog1-768x565.jpeg 768w, https:\/\/www.redeinspiraeducadores.com.br\/wp-content\/uploads\/2026\/03\/blog1.jpeg 1200w\" sizes=\"(max-width: 1024px) 100vw, 1024px\" \/><\/div><\/a>\n\t\t\t\t<div class=\"elementor-post__text\">\n\t\t\t\t<h3 class=\"elementor-post__title\">\n\t\t\t<a href=\"https:\/\/www.redeinspiraeducadores.com.br\/en\/adolescente-parauara-conquista-ouro-na-olimpiada-latino-americana-de-astronomia-e-astronautica\/\" >\n\t\t\t\tAdolescente parauara conquista ouro na Olimp\u00edada Latino-Americana de Astronomia e Astron\u00e1utica\t\t\t<\/a>\n\t\t<\/h3>\n\t\t\n\t\t<a class=\"elementor-post__read-more\" href=\"https:\/\/www.redeinspiraeducadores.com.br\/en\/adolescente-parauara-conquista-ouro-na-olimpiada-latino-americana-de-astronomia-e-astronautica\/\" aria-label=\"Read more about Adolescente parauara conquista ouro na Olimp\u00edada Latino-Americana de Astronomia e Astron\u00e1utica\" tabindex=\"-1\" >\n\t\t\tLEIA MAIS \u00bb\t\t<\/a>\n\n\t\t\t\t<\/div>\n\t\t\t\t\t<\/div>\n\t\t<\/article>\n\t\t\t\t<article class=\"elementor-post elementor-grid-item post-7232 post type-post status-publish format-standard has-post-thumbnail hentry category-uncategorized\" role=\"listitem\">\n\t\t\t<div class=\"elementor-post__card\">\n\t\t\t\t<a class=\"elementor-post__thumbnail__link\" href=\"https:\/\/www.redeinspiraeducadores.com.br\/en\/inspira-celebra-novas-certificacao-ib-em-escolas-da-rede\/\" tabindex=\"-1\" ><div class=\"elementor-post__thumbnail\"><img decoding=\"async\" width=\"1024\" height=\"683\" src=\"https:\/\/www.redeinspiraeducadores.com.br\/wp-content\/uploads\/2026\/01\/8d638565a_4021C_20240426_0709-scaled-1-1024x683.jpg\" class=\"attachment-large size-large wp-image-7237\" alt=\"Aluna em sala de aula durante atividade pedag\u00f3gica, em contexto de certifica\u00e7\u00e3o IB e educa\u00e7\u00e3o internacional\" srcset=\"https:\/\/www.redeinspiraeducadores.com.br\/wp-content\/uploads\/2026\/01\/8d638565a_4021C_20240426_0709-scaled-1-1024x683.jpg 1024w, https:\/\/www.redeinspiraeducadores.com.br\/wp-content\/uploads\/2026\/01\/8d638565a_4021C_20240426_0709-scaled-1-300x200.jpg 300w, https:\/\/www.redeinspiraeducadores.com.br\/wp-content\/uploads\/2026\/01\/8d638565a_4021C_20240426_0709-scaled-1-768x512.jpg 768w, https:\/\/www.redeinspiraeducadores.com.br\/wp-content\/uploads\/2026\/01\/8d638565a_4021C_20240426_0709-scaled-1-1536x1024.jpg 1536w, https:\/\/www.redeinspiraeducadores.com.br\/wp-content\/uploads\/2026\/01\/8d638565a_4021C_20240426_0709-scaled-1-2048x1366.jpg 2048w\" sizes=\"(max-width: 1024px) 100vw, 1024px\" \/><\/div><\/a>\n\t\t\t\t<div class=\"elementor-post__text\">\n\t\t\t\t<h3 class=\"elementor-post__title\">\n\t\t\t<a href=\"https:\/\/www.redeinspiraeducadores.com.br\/en\/inspira-celebra-novas-certificacao-ib-em-escolas-da-rede\/\" >\n\t\t\t\tCertifica\u00e7\u00e3o IB fortalece a educa\u00e7\u00e3o internacional na Inspira\t\t\t<\/a>\n\t\t<\/h3>\n\t\t\n\t\t<a class=\"elementor-post__read-more\" href=\"https:\/\/www.redeinspiraeducadores.com.br\/en\/inspira-celebra-novas-certificacao-ib-em-escolas-da-rede\/\" aria-label=\"Read more about Certifica\u00e7\u00e3o IB fortalece a educa\u00e7\u00e3o internacional na Inspira\" tabindex=\"-1\" >\n\t\t\tLEIA MAIS \u00bb\t\t<\/a>\n\n\t\t\t\t<\/div>\n\t\t\t\t\t<\/div>\n\t\t<\/article>\n\t\t\t\t<article class=\"elementor-post elementor-grid-item post-7151 post type-post status-publish format-standard has-post-thumbnail hentry category-uncategorized\" role=\"listitem\">\n\t\t\t<div class=\"elementor-post__card\">\n\t\t\t\t<a class=\"elementor-post__thumbnail__link\" href=\"https:\/\/www.redeinspiraeducadores.com.br\/en\/novo-episodio-inspiracast\/\" tabindex=\"-1\" ><div class=\"elementor-post__thumbnail\"><img loading=\"lazy\" decoding=\"async\" width=\"1024\" height=\"683\" src=\"https:\/\/www.redeinspiraeducadores.com.br\/wp-content\/uploads\/2025\/12\/WhatsApp-Image-2025-11-13-at-15.26.21-1024x683.jpeg\" class=\"attachment-large size-large wp-image-7236\" alt=\"\" srcset=\"https:\/\/www.redeinspiraeducadores.com.br\/wp-content\/uploads\/2025\/12\/WhatsApp-Image-2025-11-13-at-15.26.21-1024x683.jpeg 1024w, https:\/\/www.redeinspiraeducadores.com.br\/wp-content\/uploads\/2025\/12\/WhatsApp-Image-2025-11-13-at-15.26.21-300x200.jpeg 300w, https:\/\/www.redeinspiraeducadores.com.br\/wp-content\/uploads\/2025\/12\/WhatsApp-Image-2025-11-13-at-15.26.21-768x512.jpeg 768w, https:\/\/www.redeinspiraeducadores.com.br\/wp-content\/uploads\/2025\/12\/WhatsApp-Image-2025-11-13-at-15.26.21.jpeg 1280w\" sizes=\"(max-width: 1024px) 100vw, 1024px\" \/><\/div><\/a>\n\t\t\t\t<div class=\"elementor-post__text\">\n\t\t\t\t<h3 class=\"elementor-post__title\">\n\t\t\t<a href=\"https:\/\/www.redeinspiraeducadores.com.br\/en\/novo-episodio-inspiracast\/\" >\n\t\t\t\tNovo Epis\u00f3dio do InspiraCast dispon\u00edvel! Global minds, global students.\t\t\t<\/a>\n\t\t<\/h3>\n\t\t\n\t\t<a class=\"elementor-post__read-more\" href=\"https:\/\/www.redeinspiraeducadores.com.br\/en\/novo-episodio-inspiracast\/\" aria-label=\"Read more about Novo Epis\u00f3dio do InspiraCast dispon\u00edvel! Global minds, global students.\" tabindex=\"-1\" >\n\t\t\tLEIA MAIS \u00bb\t\t<\/a>\n\n\t\t\t\t<\/div>\n\t\t\t\t\t<\/div>\n\t\t<\/article>\n\t\t\t\t<article class=\"elementor-post elementor-grid-item post-7139 post type-post status-publish format-image has-post-thumbnail hentry category-uncategorized post_format-post-format-image\" role=\"listitem\">\n\t\t\t<div class=\"elementor-post__card\">\n\t\t\t\t<a class=\"elementor-post__thumbnail__link\" href=\"https:\/\/www.redeinspiraeducadores.com.br\/en\/inspirando-o-futuro-relatorio-de-sustentabilidade-inspira\/\" tabindex=\"-1\" ><div class=\"elementor-post__thumbnail\"><img loading=\"lazy\" decoding=\"async\" width=\"1024\" height=\"576\" src=\"https:\/\/www.redeinspiraeducadores.com.br\/wp-content\/uploads\/2025\/11\/Capa-RAS-24-1024x576.png\" class=\"attachment-large size-large wp-image-7113\" alt=\"\" srcset=\"https:\/\/www.redeinspiraeducadores.com.br\/wp-content\/uploads\/2025\/11\/Capa-RAS-24-1024x576.png 1024w, https:\/\/www.redeinspiraeducadores.com.br\/wp-content\/uploads\/2025\/11\/Capa-RAS-24-300x169.png 300w, https:\/\/www.redeinspiraeducadores.com.br\/wp-content\/uploads\/2025\/11\/Capa-RAS-24-768x432.png 768w, https:\/\/www.redeinspiraeducadores.com.br\/wp-content\/uploads\/2025\/11\/Capa-RAS-24.png 1108w\" sizes=\"(max-width: 1024px) 100vw, 1024px\" \/><\/div><\/a>\n\t\t\t\t<div class=\"elementor-post__text\">\n\t\t\t\t<h3 class=\"elementor-post__title\">\n\t\t\t<a href=\"https:\/\/www.redeinspiraeducadores.com.br\/en\/inspirando-o-futuro-relatorio-de-sustentabilidade-inspira\/\" >\n\t\t\t\tInspirando o Futuro: Relat\u00f3rio de Sustentabilidade Inspira\t\t\t<\/a>\n\t\t<\/h3>\n\t\t\n\t\t<a class=\"elementor-post__read-more\" href=\"https:\/\/www.redeinspiraeducadores.com.br\/en\/inspirando-o-futuro-relatorio-de-sustentabilidade-inspira\/\" aria-label=\"Read more about Inspirando o Futuro: Relat\u00f3rio de Sustentabilidade Inspira\" tabindex=\"-1\" >\n\t\t\tLEIA MAIS \u00bb\t\t<\/a>\n\n\t\t\t\t<\/div>\n\t\t\t\t\t<\/div>\n\t\t<\/article>\n\t\t\t\t<article class=\"elementor-post elementor-grid-item post-7106 post type-post status-publish format-image has-post-thumbnail hentry category-blog post_format-post-format-image\" role=\"listitem\">\n\t\t\t<div class=\"elementor-post__card\">\n\t\t\t\t<a class=\"elementor-post__thumbnail__link\" href=\"https:\/\/www.redeinspiraeducadores.com.br\/en\/equilibrio-socioemocional-e-performance-inspiracast\/\" tabindex=\"-1\" ><div class=\"elementor-post__thumbnail\"><img loading=\"lazy\" decoding=\"async\" width=\"1024\" height=\"788\" src=\"https:\/\/www.redeinspiraeducadores.com.br\/wp-content\/uploads\/2025\/11\/WhatsApp-Image-2025-11-13-at-15.26.31-e1770383462300-1024x788.jpeg\" class=\"attachment-large size-large wp-image-7107\" alt=\"Registro do epis\u00f3dio do InspiraCast gravado na sede da Inspira Rede de Educadores, com participantes, no epis\u00f3dio sobre equil\u00edbrio entre socioemocional e performance acad\u00eamica.\" srcset=\"https:\/\/www.redeinspiraeducadores.com.br\/wp-content\/uploads\/2025\/11\/WhatsApp-Image-2025-11-13-at-15.26.31-e1770383462300-1024x788.jpeg 1024w, https:\/\/www.redeinspiraeducadores.com.br\/wp-content\/uploads\/2025\/11\/WhatsApp-Image-2025-11-13-at-15.26.31-e1770383462300-300x231.jpeg 300w, https:\/\/www.redeinspiraeducadores.com.br\/wp-content\/uploads\/2025\/11\/WhatsApp-Image-2025-11-13-at-15.26.31-e1770383462300-768x591.jpeg 768w, https:\/\/www.redeinspiraeducadores.com.br\/wp-content\/uploads\/2025\/11\/WhatsApp-Image-2025-11-13-at-15.26.31-e1770383462300.jpeg 1280w\" sizes=\"(max-width: 1024px) 100vw, 1024px\" \/><\/div><\/a>\n\t\t\t\t<div class=\"elementor-post__text\">\n\t\t\t\t<h3 class=\"elementor-post__title\">\n\t\t\t<a href=\"https:\/\/www.redeinspiraeducadores.com.br\/en\/equilibrio-socioemocional-e-performance-inspiracast\/\" >\n\t\t\t\tEquil\u00edbrio que inspira: socioemocional e performance acad\u00eamica\t\t\t<\/a>\n\t\t<\/h3>\n\t\t\n\t\t<a class=\"elementor-post__read-more\" href=\"https:\/\/www.redeinspiraeducadores.com.br\/en\/equilibrio-socioemocional-e-performance-inspiracast\/\" aria-label=\"Read more about Equil\u00edbrio que inspira: socioemocional e performance acad\u00eamica\" tabindex=\"-1\" >\n\t\t\tLEIA MAIS \u00bb\t\t<\/a>\n\n\t\t\t\t<\/div>\n\t\t\t\t\t<\/div>\n\t\t<\/article>\n\t\t\t\t<article class=\"elementor-post elementor-grid-item post-7095 post type-post status-publish format-image has-post-thumbnail hentry category-blog category-noticias category-uncategorized tag-educacao tag-escolas tag-esg tag-qualidade-pedagogica post_format-post-format-image\" role=\"listitem\">\n\t\t\t<div class=\"elementor-post__card\">\n\t\t\t\t<a class=\"elementor-post__thumbnail__link\" href=\"https:\/\/www.redeinspiraeducadores.com.br\/en\/nosso-pais-inspira-amazonia\/\" tabindex=\"-1\" ><div class=\"elementor-post__thumbnail\"><img loading=\"lazy\" decoding=\"async\" width=\"1002\" height=\"719\" src=\"https:\/\/www.redeinspiraeducadores.com.br\/wp-content\/uploads\/2025\/11\/nosso-pais-inspira-e1770383524562.png\" class=\"attachment-large size-large wp-image-7103\" alt=\"\" srcset=\"https:\/\/www.redeinspiraeducadores.com.br\/wp-content\/uploads\/2025\/11\/nosso-pais-inspira-e1770383524562.png 1002w, https:\/\/www.redeinspiraeducadores.com.br\/wp-content\/uploads\/2025\/11\/nosso-pais-inspira-e1770383524562-300x215.png 300w, https:\/\/www.redeinspiraeducadores.com.br\/wp-content\/uploads\/2025\/11\/nosso-pais-inspira-e1770383524562-768x551.png 768w\" sizes=\"(max-width: 1002px) 100vw, 1002px\" \/><\/div><\/a>\n\t\t\t\t<div class=\"elementor-post__text\">\n\t\t\t\t<h3 class=\"elementor-post__title\">\n\t\t\t<a href=\"https:\/\/www.redeinspiraeducadores.com.br\/en\/nosso-pais-inspira-amazonia\/\" >\n\t\t\t\tNosso Pa\u00eds Inspira. E a Amaz\u00f4nia \u00e9 uma das partes que comp\u00f5em o nosso DNA.\t\t\t<\/a>\n\t\t<\/h3>\n\t\t\n\t\t<a class=\"elementor-post__read-more\" href=\"https:\/\/www.redeinspiraeducadores.com.br\/en\/nosso-pais-inspira-amazonia\/\" aria-label=\"Read more about Nosso Pa\u00eds Inspira. E a Amaz\u00f4nia \u00e9 uma das partes que comp\u00f5em o nosso DNA.\" tabindex=\"-1\" >\n\t\t\tLEIA MAIS \u00bb\t\t<\/a>\n\n\t\t\t\t<\/div>\n\t\t\t\t\t<\/div>\n\t\t<\/article>\n\t\t\t\t<article class=\"elementor-post elementor-grid-item post-7079 post type-post status-publish format-standard has-post-thumbnail hentry category-uncategorized tag-educacao tag-escolas tag-internacionalizacao tag-qualidade-pedagogica tag-ranking-internacional\" role=\"listitem\">\n\t\t\t<div class=\"elementor-post__card\">\n\t\t\t\t<a class=\"elementor-post__thumbnail__link\" href=\"https:\/\/www.redeinspiraeducadores.com.br\/en\/inspira-pelo-mundo-estonia-diretor-de-internacionalizacao\/\" tabindex=\"-1\" ><div class=\"elementor-post__thumbnail\"><img loading=\"lazy\" decoding=\"async\" width=\"1024\" height=\"575\" src=\"https:\/\/www.redeinspiraeducadores.com.br\/wp-content\/uploads\/2025\/10\/WhatsApp-Image-2025-10-20-at-17.46.00-3-1-1024x575.jpeg\" class=\"attachment-large size-large wp-image-7081\" alt=\"\" srcset=\"https:\/\/www.redeinspiraeducadores.com.br\/wp-content\/uploads\/2025\/10\/WhatsApp-Image-2025-10-20-at-17.46.00-3-1-1024x575.jpeg 1024w, https:\/\/www.redeinspiraeducadores.com.br\/wp-content\/uploads\/2025\/10\/WhatsApp-Image-2025-10-20-at-17.46.00-3-1-300x169.jpeg 300w, https:\/\/www.redeinspiraeducadores.com.br\/wp-content\/uploads\/2025\/10\/WhatsApp-Image-2025-10-20-at-17.46.00-3-1-768x432.jpeg 768w, https:\/\/www.redeinspiraeducadores.com.br\/wp-content\/uploads\/2025\/10\/WhatsApp-Image-2025-10-20-at-17.46.00-3-1-1536x863.jpeg 1536w, https:\/\/www.redeinspiraeducadores.com.br\/wp-content\/uploads\/2025\/10\/WhatsApp-Image-2025-10-20-at-17.46.00-3-1.jpeg 1600w\" sizes=\"(max-width: 1024px) 100vw, 1024px\" \/><\/div><\/a>\n\t\t\t\t<div class=\"elementor-post__text\">\n\t\t\t\t<h3 class=\"elementor-post__title\">\n\t\t\t<a href=\"https:\/\/www.redeinspiraeducadores.com.br\/en\/inspira-pelo-mundo-estonia-diretor-de-internacionalizacao\/\" >\n\t\t\t\tInspira pelo mundo: Diretor de Internacionaliza\u00e7\u00e3o embarca em viagem imersiva pela Est\u00f4nia\t\t\t<\/a>\n\t\t<\/h3>\n\t\t\n\t\t<a class=\"elementor-post__read-more\" href=\"https:\/\/www.redeinspiraeducadores.com.br\/en\/inspira-pelo-mundo-estonia-diretor-de-internacionalizacao\/\" aria-label=\"Read more about Inspira pelo mundo: Diretor de Internacionaliza\u00e7\u00e3o embarca em viagem imersiva pela Est\u00f4nia\" tabindex=\"-1\" >\n\t\t\tLEIA MAIS \u00bb\t\t<\/a>\n\n\t\t\t\t<\/div>\n\t\t\t\t\t<\/div>\n\t\t<\/article>\n\t\t\t\t<article class=\"elementor-post elementor-grid-item post-7063 post type-post status-publish format-standard has-post-thumbnail hentry category-uncategorized\" role=\"listitem\">\n\t\t\t<div class=\"elementor-post__card\">\n\t\t\t\t<a class=\"elementor-post__thumbnail__link\" href=\"https:\/\/www.redeinspiraeducadores.com.br\/en\/inspiracast-preparacao-academica-trajetoria-profissional-enem\/\" tabindex=\"-1\" ><div class=\"elementor-post__thumbnail\"><img loading=\"lazy\" decoding=\"async\" width=\"1024\" height=\"768\" src=\"https:\/\/www.redeinspiraeducadores.com.br\/wp-content\/uploads\/2025\/10\/WhatsApp-Image-2025-10-02-at-11.32.58-1024x768.jpeg\" class=\"attachment-large size-large wp-image-7064\" alt=\"\" srcset=\"https:\/\/www.redeinspiraeducadores.com.br\/wp-content\/uploads\/2025\/10\/WhatsApp-Image-2025-10-02-at-11.32.58-1024x768.jpeg 1024w, https:\/\/www.redeinspiraeducadores.com.br\/wp-content\/uploads\/2025\/10\/WhatsApp-Image-2025-10-02-at-11.32.58-300x225.jpeg 300w, https:\/\/www.redeinspiraeducadores.com.br\/wp-content\/uploads\/2025\/10\/WhatsApp-Image-2025-10-02-at-11.32.58-768x576.jpeg 768w, https:\/\/www.redeinspiraeducadores.com.br\/wp-content\/uploads\/2025\/10\/WhatsApp-Image-2025-10-02-at-11.32.58.jpeg 1280w\" sizes=\"(max-width: 1024px) 100vw, 1024px\" \/><\/div><\/a>\n\t\t\t\t<div class=\"elementor-post__text\">\n\t\t\t\t<h3 class=\"elementor-post__title\">\n\t\t\t<a href=\"https:\/\/www.redeinspiraeducadores.com.br\/en\/inspiracast-preparacao-academica-trajetoria-profissional-enem\/\" >\n\t\t\t\tNovo epis\u00f3dio do InspiraCast no ar: prepara\u00e7\u00e3o Acad\u00eamica e Trajet\u00f3ria Profissional\t\t\t<\/a>\n\t\t<\/h3>\n\t\t\n\t\t<a class=\"elementor-post__read-more\" href=\"https:\/\/www.redeinspiraeducadores.com.br\/en\/inspiracast-preparacao-academica-trajetoria-profissional-enem\/\" aria-label=\"Read more about Novo epis\u00f3dio do InspiraCast no ar: prepara\u00e7\u00e3o Acad\u00eamica e Trajet\u00f3ria Profissional\" tabindex=\"-1\" >\n\t\t\tLEIA MAIS \u00bb\t\t<\/a>\n\n\t\t\t\t<\/div>\n\t\t\t\t\t<\/div>\n\t\t<\/article>\n\t\t\t\t<article class=\"elementor-post elementor-grid-item post-6878 post type-post status-publish format-image has-post-thumbnail hentry category-uncategorized post_format-post-format-image\" role=\"listitem\">\n\t\t\t<div class=\"elementor-post__card\">\n\t\t\t\t<a class=\"elementor-post__thumbnail__link\" href=\"https:\/\/www.redeinspiraeducadores.com.br\/en\/destaque-inspirador-eyke-cardoso-medalha-olaa-inspira-rj\/\" tabindex=\"-1\" ><div class=\"elementor-post__thumbnail\"><img loading=\"lazy\" decoding=\"async\" width=\"1024\" height=\"819\" src=\"https:\/\/www.redeinspiraeducadores.com.br\/wp-content\/uploads\/2025\/09\/IMG_0009-1-1-scaled-e1757962580234-1024x819.jpg\" class=\"attachment-large size-large wp-image-6886\" alt=\"\" srcset=\"https:\/\/www.redeinspiraeducadores.com.br\/wp-content\/uploads\/2025\/09\/IMG_0009-1-1-scaled-e1757962580234-1024x819.jpg 1024w, https:\/\/www.redeinspiraeducadores.com.br\/wp-content\/uploads\/2025\/09\/IMG_0009-1-1-scaled-e1757962580234-300x240.jpg 300w, https:\/\/www.redeinspiraeducadores.com.br\/wp-content\/uploads\/2025\/09\/IMG_0009-1-1-scaled-e1757962580234-768x614.jpg 768w, https:\/\/www.redeinspiraeducadores.com.br\/wp-content\/uploads\/2025\/09\/IMG_0009-1-1-scaled-e1757962580234-1536x1229.jpg 1536w, https:\/\/www.redeinspiraeducadores.com.br\/wp-content\/uploads\/2025\/09\/IMG_0009-1-1-scaled-e1757962580234.jpg 1920w\" sizes=\"(max-width: 1024px) 100vw, 1024px\" \/><\/div><\/a>\n\t\t\t\t<div class=\"elementor-post__text\">\n\t\t\t\t<h3 class=\"elementor-post__title\">\n\t\t\t<a href=\"https:\/\/www.redeinspiraeducadores.com.br\/en\/destaque-inspirador-eyke-cardoso-medalha-olaa-inspira-rj\/\" >\n\t\t\t\tEyke Cardoso conquista medalha na OLAA\t\t\t<\/a>\n\t\t<\/h3>\n\t\t\n\t\t<a class=\"elementor-post__read-more\" href=\"https:\/\/www.redeinspiraeducadores.com.br\/en\/destaque-inspirador-eyke-cardoso-medalha-olaa-inspira-rj\/\" aria-label=\"Read more about Eyke Cardoso conquista medalha na OLAA\" tabindex=\"-1\" >\n\t\t\tLEIA MAIS \u00bb\t\t<\/a>\n\n\t\t\t\t<\/div>\n\t\t\t\t\t<\/div>\n\t\t<\/article>\n\t\t\t\t<\/div>\n\t\t\t\t\t<span class=\"e-load-more-spinner\">\n\t\t\t\t<svg aria-hidden=\"true\" class=\"e-font-icon-svg e-fas-spinner\" viewbox=\"0 0 512 512\" xmlns=\"http:\/\/www.w3.org\/2000\/svg\"><path d=\"M304 48c0 26.51-21.49 48-48 48s-48-21.49-48-48 21.49-48 48-48 48 21.49 48 48zm-48 368c-26.51 0-48 21.49-48 48s21.49 48 48 48 48-21.49 48-48-21.49-48-48-48zm208-208c-26.51 0-48 21.49-48 48s21.49 48 48 48 48-21.49 48-48-21.49-48-48-48zM96 256c0-26.51-21.49-48-48-48S0 229.49 0 256s21.49 48 48 48 48-21.49 48-48zm12.922 99.078c-26.51 0-48 21.49-48 48s21.49 48 48 48 48-21.49 48-48c0-26.509-21.491-48-48-48zm294.156 0c-26.51 0-48 21.49-48 48s21.49 48 48 48 48-21.49 48-48c0-26.509-21.49-48-48-48zM108.922 60.922c-26.51 0-48 21.49-48 48s21.49 48 48 48 48-21.49 48-48-21.491-48-48-48z\"><\/path><\/svg>\t\t\t<\/span>\n\t\t\n\t\t\t\t<div class=\"e-load-more-anchor\" data-page=\"1\" data-max-page=\"20\" data-next-page=\"https:\/\/www.redeinspiraeducadores.com.br\/en\/wp-json\/wp\/v2\/pages\/51\/page\/2\/\"><\/div>\n\t\t\t\t<div class=\"e-load-more-message\"><\/div>\n\t\t\t\t\t\t<\/div>\n\t\t\t\t<\/div>\n\t\t\t\t\t<\/div>\n\t\t\t\t<\/div>\n\t\t\t\t<\/div>","protected":false},"excerpt":{"rendered":"<p>Blog<\/p>","protected":false},"author":1,"featured_media":0,"parent":0,"menu_order":0,"comment_status":"closed","ping_status":"closed","template":"elementor_header_footer","meta":{"site-sidebar-layout":"no-sidebar","site-content-layout":"","ast-site-content-layout":"full-width-container","site-content-style":"default","site-sidebar-style":"default","ast-global-header-display":"","ast-banner-title-visibility":"","ast-main-header-display":"","ast-hfb-above-header-display":"","ast-hfb-below-header-display":"","ast-hfb-mobile-header-display":"","site-post-title":"","ast-breadcrumbs-content":"","ast-featured-img":"disabled","footer-sml-layout":"","ast-disable-related-posts":"","theme-transparent-header-meta":"","adv-header-id-meta":"","stick-header-meta":"","header-above-stick-meta":"","header-main-stick-meta":"","header-below-stick-meta":"","astra-migrate-meta-layouts":"default","ast-page-background-enabled":"default","ast-page-background-meta":{"desktop":{"background-color":"var(--ast-global-color-5)","background-image":"","background-repeat":"repeat","background-position":"center center","background-size":"auto","background-attachment":"scroll","background-type":"","background-media":"","overlay-type":"","overlay-color":"","overlay-opacity":"","overlay-gradient":""},"tablet":{"background-color":"","background-image":"","background-repeat":"repeat","background-position":"center center","background-size":"auto","background-attachment":"scroll","background-type":"","background-media":"","overlay-type":"","overlay-color":"","overlay-opacity":"","overlay-gradient":""},"mobile":{"background-color":"","background-image":"","background-repeat":"repeat","background-position":"center center","background-size":"auto","background-attachment":"scroll","background-type":"","background-media":"","overlay-type":"","overlay-color":"","overlay-opacity":"","overlay-gradient":""}},"ast-content-background-meta":{"desktop":{"background-color":"var(--ast-global-color-4)","background-image":"","background-repeat":"repeat","background-position":"center center","background-size":"auto","background-attachment":"scroll","background-type":"","background-media":"","overlay-type":"","overlay-color":"","overlay-opacity":"","overlay-gradient":""},"tablet":{"background-color":"var(--ast-global-color-4)","background-image":"","background-repeat":"repeat","background-position":"center center","background-size":"auto","background-attachment":"scroll","background-type":"","background-media":"","overlay-type":"","overlay-color":"","overlay-opacity":"","overlay-gradient":""},"mobile":{"background-color":"var(--ast-global-color-4)","background-image":"","background-repeat":"repeat","background-position":"center center","background-size":"auto","background-attachment":"scroll","background-type":"","background-media":"","overlay-type":"","overlay-color":"","overlay-opacity":"","overlay-gradient":""}},"footnotes":""},"class_list":["post-51","page","type-page","status-publish","hentry"],"_links":{"self":[{"href":"https:\/\/www.redeinspiraeducadores.com.br\/en\/wp-json\/wp\/v2\/pages\/51","targetHints":{"allow":["GET"]}}],"collection":[{"href":"https:\/\/www.redeinspiraeducadores.com.br\/en\/wp-json\/wp\/v2\/pages"}],"about":[{"href":"https:\/\/www.redeinspiraeducadores.com.br\/en\/wp-json\/wp\/v2\/types\/page"}],"author":[{"embeddable":true,"href":"https:\/\/www.redeinspiraeducadores.com.br\/en\/wp-json\/wp\/v2\/users\/1"}],"replies":[{"embeddable":true,"href":"https:\/\/www.redeinspiraeducadores.com.br\/en\/wp-json\/wp\/v2\/comments?post=51"}],"version-history":[{"count":58,"href":"https:\/\/www.redeinspiraeducadores.com.br\/en\/wp-json\/wp\/v2\/pages\/51\/revisions"}],"predecessor-version":[{"id":7249,"href":"https:\/\/www.redeinspiraeducadores.com.br\/en\/wp-json\/wp\/v2\/pages\/51\/revisions\/7249"}],"wp:attachment":[{"href":"https:\/\/www.redeinspiraeducadores.com.br\/en\/wp-json\/wp\/v2\/media?parent=51"}],"curies":[{"name":"wp","href":"https:\/\/api.w.org\/{rel}","templated":true}]}}